{"id":35,"date":"2021-07-24T13:34:47","date_gmt":"2021-07-24T11:34:47","guid":{"rendered":"https:\/\/www.altanart.cz\/atelierradostnetvorby\/?page_id=35"},"modified":"2024-06-26T19:07:03","modified_gmt":"2024-06-26T17:07:03","slug":"archiv-vystav2","status":"publish","type":"page","link":"https:\/\/www.altanart.cz\/atelierradostnetvorby\/archiv-vystav2\/","title":{"rendered":"Archiv v\u00fdstav"},"content":{"rendered":"\n<h2 class=\"wp-block-heading\">SKUPINOV\u00c9 V\u00ddSTAVY<\/h2>\n\n\n\n<div class=\"wp-block-columns is-layout-flex wp-container-core-columns-is-layout-9d6595d7 wp-block-columns-is-layout-flex\">\n<div class=\"wp-block-column is-layout-flow wp-block-column-is-layout-flow\" style=\"flex-basis:66.66%\">\n<div class=\"wp-block-group\"><div class=\"wp-block-group__inner-container is-layout-flow wp-block-group-is-layout-flow\">\n<div class=\"wp-block-group\"><div class=\"wp-block-group__inner-container is-layout-flow wp-block-group-is-layout-flow\">\n<h2 class=\"wp-block-heading\">\u00da\u010dast na skupinov\u00fdch v\u00fdstav\u00e1ch mimo Ateli\u00e9r<\/h2>\n\n\n\n<h5 class=\"wp-block-heading\"><strong>202<\/strong>4<\/h5>\n\n\n\n<p><strong>Ladislav Svoboda \/ Der Actionheld<\/strong><br>Festival Idyllerei, Norimberk, \u010derven 2024<\/p>\n\n\n\n<p><strong>Marie K\u016fsov\u00e1 a Marie Kohoutkov\u00e1 \/ Dzieje si\u0119<\/strong> <br>Galerie Stacja Badawcza, Krakow, duben &#8211; kv\u011bten 2024<\/p>\n\n\n\n<h5 class=\"wp-block-heading\"><strong><strong>2023<\/strong><\/strong><\/h5>\n\n\n\n<p><strong>George Radoj\u010di\u010d, Marie K\u016fsov\u00e1, Luk\u00e1\u0161 Pale\u010dek, Vojt\u011bch Proske \/ Myslet obrazem<\/strong> <br>GHMP, Praha, 2023<\/p>\n\n\n\n<p><strong>Take care \/ Festival ekologick\u00e9ho obratu<\/strong><br>Praha, 2023<\/p>\n\n\n\n<p><strong>Karel Pajma \/ \u010cesk\u00fd artbrut<\/strong><br>\u010cesk\u00e9 centrum New York, USA, b\u0159ezen 2023<\/p>\n<\/div><\/div>\n\n\n\n<p><strong>Karel Pajma \/ v\u00fdstava In Abstracto<\/strong> <br>Galerie Christian Berst, Pa\u0159\u00ed\u017e, leden 2023<\/p>\n\n\n\n<p><strong>Luk\u00e1\u0161 Pale\u010dek a Tom\u00e1\u0161 Krupka \/ Z\u00e1pisy a z\u00e1kresy<\/strong> <br>Galerie Art Brut Praha, \u00fanor &#8211; b\u0159ezen 2023<\/p>\n\n\n\n<p><strong>Iveta Horv\u00e1thov\u00e1 \/ (Ne)moc<\/strong><br>DOX, Praha, 3. 6. &#8211; 6. 11. 2022<\/p>\n\n\n\n<p><strong>Ladislav Svoboda<\/strong> <strong>a Marcin Bab\u0142o \/ Ksi\u0119gi&nbsp;labiryntu<\/strong> <br>Galerie Stacja Badawcza, Krakow, \u010derven 2023<\/p>\n\n\n\n<h2 class=\"wp-block-heading\">Spole\u010dn\u00e9 v\u00fdstavy A.R.T.<\/h2>\n<\/div><\/div>\n\n\n\n<h5 class=\"wp-block-heading\">2024<\/h5>\n\n\n\n<div class=\"wp-block-group\"><div class=\"wp-block-group__inner-container is-layout-flow wp-block-group-is-layout-flow\">\n<div class=\"wp-block-group\"><div class=\"wp-block-group__inner-container is-layout-flow wp-block-group-is-layout-flow\">\n<p><strong>B\u00e1sn\u011b a sny<\/strong><br>Galerie Portheimka, b\u0159ezen &#8211; duben 2024<br><br><strong>Auk\u010dn\u00ed v\u00fdstava pro Dolmen<\/strong><br>Art brut Praha, \u00fanor, 2024<\/p>\n\n\n\n<h5 class=\"wp-block-heading\"><strong>2023<\/strong><\/h5>\n\n\n\n<p><strong>A.R.T.<\/strong> <br>Art brut Praha, Praha, \u0159\u00edjen 2023<\/p>\n\n\n\n<p><strong>ART BRUT v krajin\u00e1ch V4<\/strong><br>Galeria slovensk\u00e9ho rozhlasu, Bratislava, z\u00e1\u0159\u00ed 2023<\/p>\n\n\n\n<p><strong>Pout\u011b du\u0161e zvou t\u011b<\/strong> <br>Beseder Gallery, Praha, \u010dervenec &#8211; srpen 2023<\/p>\n\n\n\n<p><strong>Ateli\u00e9r radostn\u00e9 tvorby<\/strong><br>KD Pr\u016fhon, Praha, \u010derven 2022 &#8211; srpen 2023<\/p>\n\n\n\n<p><strong>Dagmar Fil\u00edpkov\u00e1 a George Radoj\u010di\u010d<\/strong><br>Momenty, C\u010cE Sob\u011bhrdy, \u00fanor &#8211; \u010derven 2023<\/p>\n<\/div><\/div>\n\n\n\n<h5 class=\"wp-block-heading\">2022<\/h5>\n\n\n\n<p><strong>Dominik Jirsa, Lorenzo<\/strong><br>restaurace Vegtral, Praha, \u0159\u00edjen 2022 &#8211; leden 2023<\/p>\n\n\n\n<p><strong>Um\u011bn\u00ed je jen jedno<\/strong><br>Galerie Art Brut Praha, prosinec 2022 &#8211;&nbsp;leden 2023<\/p>\n\n\n\n<p><strong>Tv\u00e1\u0159e, zjevy, du\u0161\u00edci a monstra<\/strong><br>Liter\u00e1rn\u00ed kav\u00e1rna T\u00fdnsk\u00e1, Praha, listopad 2022<br><br><strong>Lesy, kdesi&#8230; <\/strong>spole\u010dn\u00e1 v\u00fdstava<br>Galerie Jednota, Vidnava, 19.5. &#8211; 26. 6. 2022<\/p>\n\n\n\n<p><strong>Luk\u00e1\u0161 Pale\u010dek, George Radoj\u010di\u010d<\/strong><br>KaShaF\u00e9, Praha, kv\u011bten 2022<\/p>\n\n\n\n<p><strong>Jarmila Jandov\u00e1, Dagmar Fil\u00edpkov\u00e1<\/strong><br>Caf\u00e9 NONA, Praha, duben 2022<\/p>\n<\/div><\/div>\n\n\n\n<h5 class=\"wp-block-heading\">2021<\/h5>\n\n\n\n<p><strong>V\u00fdstava k&nbsp;Aukci pro radost<\/strong><br>konan\u00e9 ve spolupr\u00e1ci s&nbsp;auk\u010dn\u00ed s\u00edn\u00ed Vltav\u00edn, Galerie A.R.T., Praha, \u00fanor &#8211; b\u0159ezen 2021<\/p>\n\n\n\n<p><strong>V\u00fdstava v&nbsp;Neratov\u011b v&nbsp;r\u00e1mci festivalu Menteatral<\/strong><br>12 obraz\u016f zav\u011b\u0161en\u00fdch v prostoru, Kostel Nanebevzet\u00ed panny Marie, Neratov, 29.7. &#8211; 15.8.<\/p>\n\n\n\n<p><strong>Za\u017e\u00edt um\u011bn\u00ed je\u0161t\u011b jinak<\/strong><br>p\u0159ehl\u00eddka v\u00fdtvarn\u00edk\u016f A.R.T., Galerie A.R.T., Praha, 15.- 30.9.<\/p>\n\n\n\n<p>O<strong>pen art fest<\/strong><br>Pr\u016fmyslov\u00fd pal\u00e1c, V\u00fdstavi\u0161t\u011b Praha, <br>30. \u2013 31.10.<\/p>\n\n\n\n<h5 class=\"wp-block-heading\">2020<\/h5>\n\n\n\n<p><strong>Ateli\u00e9r radostn\u00e9 tvorby<\/strong><br>Spole\u010densk\u00fd d\u016fm Neratovice (\u0159\u00edjen \u2013 prosinec 2020).<\/p>\n\n\n\n<p><strong>Art Prague Fair<\/strong><br>\u00fa\u010dast na veletrhu Praha se samostatnou expozic\u00ed A.R.T. (8. \u201313.12.2020).<\/p>\n\n\n\n<p><strong>Nespoutan\u00e9 prostory<\/strong><br>spole\u010dn\u00e1 v\u00fdstava A. R. T. a galerie Tak z&nbsp;Poznan\u011b, soub\u011b\u017en\u011b na 4 m\u00edstech v&nbsp;Praze \u2013 v&nbsp;Centru sou\u010dasn\u00e9ho um\u011bn\u00ed DOX, Ateli\u00e9ru radostn\u00e9 tvorby, Art bistru m\u00edsta v&nbsp;Praze 7 a prostoru OWAY v&nbsp;Praze 2 (prosinec 2019 \u2013 b\u0159ezen 2020).<\/p>\n\n\n\n<h5 class=\"wp-block-heading\">2019<\/h5>\n\n\n\n<p><strong>Art brut<\/strong><br>Komunitn\u00ed centrum&nbsp;Blatn\u00e1 (leden \u2013 \u00fanor 2019)<\/p>\n\n\n\n<p><strong>Alt\u00e1n Art<\/strong><br>Piano, administrativn\u00ed centrum,&nbsp;\u010cesk\u00e9 Bud\u011bjovice (leden \u2013 \u00fanor 2019).<\/p>\n\n\n\n<p><strong>Art brut<\/strong><br>\u0160midingerova knihovna, Z\u00e1mek Strakonice (\u00fanor \u2013 b\u0159ezen 2019).<\/p>\n\n\n\n<p><strong>Alt\u00e1n Art<\/strong><br>M\u011bstsk\u00e1 knihovna Liberec, sou\u010d\u00e1st\u00ed vernis\u00e1\u017ee v\u00fdstavy byl i v\u00fdtvarn\u00fd workshop (duben \u2013 kv\u011bten 2019).<\/p>\n\n\n\n<p><strong>Art brut<\/strong><br>Klub 29 Divadla 29, Pardubice (z\u00e1\u0159\u00ed 2019).<\/p>\n\n\n\n<h5 class=\"wp-block-heading\">2018<\/h5>\n\n\n\n<p><strong>Art brut<\/strong><br>Galerie Jednota, Vidnava, ve spolupr\u00e1ci se spolkem SALET, spole\u010dn\u00e1 v\u00fdstava A.R.T. s&nbsp;Ateli\u00e9rem rychlebsk\u00e9 tvorby v&nbsp;Galerii Jednota, ve spolupr\u00e1ci se spolkem Salet (leden \u2013 b\u0159ezen 2018).<\/p>\n\n\n\n<p><strong>V\u00e1no\u010dn\u00ed v\u00fdstava v&nbsp;ateli\u00e9ru A.R.T.<\/strong><br>tradi\u010dn\u00ed v\u00fdb\u011br z tvorby za uplynul\u00fd rok (prosinec 2018).<\/p>\n\n\n\n<p><strong>Um\u011bn\u00ed je jen jedno !!!<\/strong><br>t\u0159et\u00ed spole\u010dn\u00e1 v\u00fdstava se studenty&nbsp;Akademie v\u00fdtvarn\u00fdch um\u011bn\u00ed Praha, Kampus Hybernsk\u00e1, Praha 1, k&nbsp;v\u00fdstav\u011b byl vyd\u00e1n mal\u00fd katalog (prosinec 2018).<\/p>\n\n\n\n<h5 class=\"wp-block-heading\">2017<\/h5>\n\n\n\n<p><strong>Ateli\u00e9r radostn\u00e9 tvorby<\/strong><br>nov\u011b z\u00edskan\u00fd prostor Nad Kr\u00e1lovskou oborou 55, Praha 7 (1. 1. \u201315. 2. 2017).<\/p>\n\n\n\n<p><strong>Ateli\u00e9r radostn\u00e9 tvorby<\/strong><br>Pedagogick\u00e1 fakulta Jiho\u010desk\u00e9 univerzity v&nbsp;\u010cesk\u00fdch Bud\u011bjovic\u00edch (7. 1.\u20137. 2. 2017).<\/p>\n\n\n\n<p><strong>Ateli\u00e9r radostn\u00e9 tvorby 2017<\/strong><br>Galerie Ambit, Franti\u0161k\u00e1nsk\u00fd kl\u00e1\u0161ter, Jungmannovo n\u00e1m\u011bst\u00ed 17, Praha (18.\u201331. 10. 2017).<\/p>\n\n\n\n<p><strong>Syrov\u00e1 Letn\u00e1<\/strong><br>Galerie Open,&nbsp;Letohradsk\u00e1 10, Praha 7 (12. 12.\u201319. 12. 2017).<\/p>\n\n\n\n<p><strong>V\u00e1no\u010dn\u00ed v\u00fdstava v&nbsp;ateli\u00e9ru A.R.T.<\/strong><br>tradi\u010dn\u00ed v\u00fdb\u011br z tvorby za uplynul\u00fd rok (7. 12.\u201323. 12. 2017).<\/p>\n\n\n\n<h5 class=\"wp-block-heading\">2016<\/h5>\n\n\n\n<p><strong>Bilan\u010dn\u00ed v\u00fdstava v&nbsp;ateli\u00e9ru A.R.T.<\/strong><br>tradi\u010dn\u00ed v\u00fdb\u011br z tvorby za uplynul\u00fd rok (prosinec 2016).<\/p>\n\n\n\n<p><strong>Um\u011bn\u00ed je jen jedno !!<\/strong><br>druh\u00e1 spole\u010dn\u00e1 v\u00fdstava se studenty&nbsp;Akademie v\u00fdtvarn\u00fdch um\u011bn\u00ed Praha, prostory b\u00fdval\u00e9ho Domu um\u011bleck\u00e9ho pr\u016fmyslu Charv\u00e1tova 10, Praha (prosinec 2016).&nbsp;&nbsp;&nbsp;&nbsp;&nbsp;&nbsp;&nbsp;&nbsp;&nbsp;&nbsp;<\/p>\n\n\n\n<h5 class=\"wp-block-heading\">2015<\/h5>\n\n\n\n<p><strong>Jak na Letn\u00e9 vznik\u00e1 um\u011bn\u00ed v&nbsp;surov\u00e9m stavu II.<\/strong><br>prostor b\u00fdval\u00e9 knihovny pro dosp\u011bl\u00e9 Milady Hor\u00e1kov\u00e9, Praha 7 (kv\u011bten 2015).&nbsp;&nbsp;&nbsp;&nbsp;&nbsp;<\/p>\n\n\n\n<p><strong>Svobodn\u00e9 barvy<\/strong><br>Galerie DOX (prosinec 2015 \u2013 leden 2016).<\/p>\n\n\n\n<h5 class=\"wp-block-heading\">2014<\/h5>\n\n\n\n<p><strong>Neratovice art<\/strong><br>Spole\u010densk\u00fd d\u016fm Neratovice, prvn\u00ed souborn\u00e1 v\u00fdstava.&nbsp;&nbsp;&nbsp;&nbsp;&nbsp;&nbsp;&nbsp;&nbsp;&nbsp;&nbsp;&nbsp;&nbsp;&nbsp;&nbsp;&nbsp;&nbsp;&nbsp;&nbsp;&nbsp;&nbsp;&nbsp;&nbsp;&nbsp;&nbsp;&nbsp;&nbsp;&nbsp;&nbsp;&nbsp;&nbsp;&nbsp;&nbsp;&nbsp;&nbsp;&nbsp;&nbsp;&nbsp;&nbsp;&nbsp;&nbsp;&nbsp;&nbsp;&nbsp;&nbsp;&nbsp;&nbsp;&nbsp;&nbsp;&nbsp;&nbsp;<\/p>\n\n\n\n<p><strong>Jak na Letn\u00e9 vznik\u00e1 um\u011bn\u00ed v&nbsp;surov\u00e9m stavu<\/strong><br>Galerie na \u00fa\u0159ad\u011b, Praha 7.&nbsp;&nbsp;&nbsp;&nbsp;&nbsp;&nbsp;&nbsp;&nbsp;&nbsp;&nbsp;&nbsp;&nbsp;&nbsp;&nbsp;&nbsp;&nbsp;&nbsp;&nbsp;&nbsp;&nbsp;&nbsp;&nbsp;&nbsp;&nbsp;&nbsp;&nbsp;&nbsp;&nbsp;&nbsp;&nbsp;&nbsp;&nbsp;&nbsp;&nbsp;&nbsp;&nbsp;&nbsp;&nbsp;&nbsp;&nbsp;&nbsp;&nbsp;&nbsp;&nbsp;&nbsp;&nbsp;&nbsp;<\/p>\n\n\n\n<p><strong>Art brut<\/strong><br>Z\u00e1mek Ct\u011bnice, ve spolupr\u00e1ci s Muzeem Hlavn\u00edho m\u011bsta Prahy.&nbsp;&nbsp;&nbsp;&nbsp;&nbsp;&nbsp;&nbsp;&nbsp;&nbsp;&nbsp;&nbsp;&nbsp;&nbsp;&nbsp;&nbsp;&nbsp;&nbsp;&nbsp;&nbsp;&nbsp;&nbsp;&nbsp;&nbsp;&nbsp;&nbsp;&nbsp;&nbsp;&nbsp;&nbsp;&nbsp;&nbsp;&nbsp;&nbsp;&nbsp;&nbsp;&nbsp;&nbsp;&nbsp;&nbsp;&nbsp;&nbsp;&nbsp;&nbsp;&nbsp;&nbsp;&nbsp;&nbsp;&nbsp;&nbsp;&nbsp;&nbsp;&nbsp;&nbsp;&nbsp;<\/p>\n\n\n\n<p><strong>Um\u011bn\u00ed je jen jedno!<\/strong><br>prvn\u00ed spole\u010dn\u00e1 v\u00fdstava se studenty&nbsp;Akademie v\u00fdtvarn\u00fdch um\u011bn\u00ed Praha, Novom\u011bstsk\u00e1 radnice, &nbsp;&nbsp;&nbsp;&nbsp;&nbsp;&nbsp;&nbsp;&nbsp;&nbsp;&nbsp;&nbsp;&nbsp;&nbsp;&nbsp;&nbsp;&nbsp;&nbsp;&nbsp;&nbsp;&nbsp;&nbsp;&nbsp;&nbsp;&nbsp;&nbsp;&nbsp;&nbsp;&nbsp;&nbsp;&nbsp;&nbsp;&nbsp;&nbsp;&nbsp;&nbsp;&nbsp;&nbsp;&nbsp;&nbsp;&nbsp;&nbsp;&nbsp;&nbsp;&nbsp;&nbsp;&nbsp;&nbsp;&nbsp;&nbsp;&nbsp;&nbsp;&nbsp;&nbsp;&nbsp;&nbsp;&nbsp;&nbsp;&nbsp;&nbsp;&nbsp;&nbsp;&nbsp;&nbsp;&nbsp;&nbsp;&nbsp;&nbsp;&nbsp;&nbsp;&nbsp;<\/p>\n\n\n\n<p><strong>Art Prague 2014<\/strong><br>\u00fa\u010dast na Veletrhu sou\u010dasn\u00e9ho um\u011bn\u00ed.&nbsp;&nbsp;&nbsp;&nbsp;&nbsp;&nbsp;&nbsp;&nbsp;&nbsp;&nbsp;&nbsp;&nbsp;&nbsp;&nbsp;&nbsp;&nbsp;&nbsp;&nbsp;&nbsp;&nbsp;&nbsp;&nbsp;&nbsp;&nbsp;&nbsp;&nbsp;&nbsp;&nbsp;&nbsp;&nbsp;&nbsp;&nbsp;&nbsp;&nbsp;&nbsp; &nbsp;&nbsp;&nbsp;&nbsp;&nbsp;&nbsp;&nbsp;&nbsp;&nbsp;&nbsp;&nbsp;&nbsp;&nbsp;&nbsp;&nbsp;&nbsp;&nbsp;&nbsp;&nbsp;&nbsp;&nbsp;&nbsp;&nbsp;&nbsp;&nbsp;&nbsp;&nbsp;&nbsp;&nbsp;&nbsp;&nbsp;&nbsp;&nbsp;<\/p>\n\n\n\n<h5 class=\"wp-block-heading\">2013<\/h5>\n\n\n\n<p><strong>Ment\u00e1ln\u00ed vrstevnice II. \u2013 Tv\u00e1\u0159e<\/strong><br>Galerie art in box, Praha.&nbsp;&nbsp;&nbsp;&nbsp;&nbsp;&nbsp;<\/p>\n<\/div>\n\n\n\n<div class=\"wp-block-column is-layout-flow wp-block-column-is-layout-flow\" style=\"flex-basis:33.33%\">\n<figure class=\"wp-block-image size-large\"><img loading=\"lazy\" decoding=\"async\" width=\"1024\" height=\"683\" src=\"https:\/\/www.altanart.cz\/atelierradostnetvorby\/wp-content\/uploads\/2021\/08\/o-nas_9-1024x683.jpg\" alt=\"\" class=\"wp-image-863\" srcset=\"https:\/\/www.altanart.cz\/atelierradostnetvorby\/wp-content\/uploads\/2021\/08\/o-nas_9-1024x683.jpg 1024w, https:\/\/www.altanart.cz\/atelierradostnetvorby\/wp-content\/uploads\/2021\/08\/o-nas_9-300x200.jpg 300w, https:\/\/www.altanart.cz\/atelierradostnetvorby\/wp-content\/uploads\/2021\/08\/o-nas_9-768x512.jpg 768w, https:\/\/www.altanart.cz\/atelierradostnetvorby\/wp-content\/uploads\/2021\/08\/o-nas_9-90x60.jpg 90w, https:\/\/www.altanart.cz\/atelierradostnetvorby\/wp-content\/uploads\/2021\/08\/o-nas_9-840x560.jpg 840w, https:\/\/www.altanart.cz\/atelierradostnetvorby\/wp-content\/uploads\/2021\/08\/o-nas_9.jpg 1200w\" sizes=\"auto, (max-width: 1024px) 100vw, 1024px\" \/><\/figure>\n\n\n\n<figure class=\"wp-block-image size-full\"><img loading=\"lazy\" decoding=\"async\" width=\"1024\" height=\"683\" src=\"https:\/\/www.altanart.cz\/atelierradostnetvorby\/wp-content\/uploads\/2023\/09\/ok-1024x.jpg\" alt=\"\" class=\"wp-image-1377\" srcset=\"https:\/\/www.altanart.cz\/atelierradostnetvorby\/wp-content\/uploads\/2023\/09\/ok-1024x.jpg 1024w, https:\/\/www.altanart.cz\/atelierradostnetvorby\/wp-content\/uploads\/2023\/09\/ok-1024x-300x200.jpg 300w, https:\/\/www.altanart.cz\/atelierradostnetvorby\/wp-content\/uploads\/2023\/09\/ok-1024x-768x512.jpg 768w, https:\/\/www.altanart.cz\/atelierradostnetvorby\/wp-content\/uploads\/2023\/09\/ok-1024x-90x60.jpg 90w, https:\/\/www.altanart.cz\/atelierradostnetvorby\/wp-content\/uploads\/2023\/09\/ok-1024x-840x560.jpg 840w\" sizes=\"auto, (max-width: 1024px) 100vw, 1024px\" \/><\/figure>\n\n\n\n<figure class=\"wp-block-image size-large\"><img loading=\"lazy\" decoding=\"async\" width=\"1024\" height=\"686\" src=\"https:\/\/www.altanart.cz\/atelierradostnetvorby\/wp-content\/uploads\/2023\/09\/cx10-1024x686.jpg\" alt=\"\" class=\"wp-image-1379\" srcset=\"https:\/\/www.altanart.cz\/atelierradostnetvorby\/wp-content\/uploads\/2023\/09\/cx10-1024x686.jpg 1024w, https:\/\/www.altanart.cz\/atelierradostnetvorby\/wp-content\/uploads\/2023\/09\/cx10-300x201.jpg 300w, https:\/\/www.altanart.cz\/atelierradostnetvorby\/wp-content\/uploads\/2023\/09\/cx10-768x515.jpg 768w, https:\/\/www.altanart.cz\/atelierradostnetvorby\/wp-content\/uploads\/2023\/09\/cx10-90x60.jpg 90w, https:\/\/www.altanart.cz\/atelierradostnetvorby\/wp-content\/uploads\/2023\/09\/cx10.jpg 1500w\" sizes=\"auto, (max-width: 1024px) 100vw, 1024px\" \/><\/figure>\n\n\n\n<figure class=\"wp-block-image size-large\"><img loading=\"lazy\" decoding=\"async\" width=\"1024\" height=\"683\" src=\"https:\/\/www.altanart.cz\/atelierradostnetvorby\/wp-content\/uploads\/2023\/09\/86F2A6FF-38C5-4233-BACE-3429AD801F04-1024x683.jpeg\" alt=\"\" class=\"wp-image-1389\" srcset=\"https:\/\/www.altanart.cz\/atelierradostnetvorby\/wp-content\/uploads\/2023\/09\/86F2A6FF-38C5-4233-BACE-3429AD801F04-1024x683.jpeg 1024w, https:\/\/www.altanart.cz\/atelierradostnetvorby\/wp-content\/uploads\/2023\/09\/86F2A6FF-38C5-4233-BACE-3429AD801F04-300x200.jpeg 300w, https:\/\/www.altanart.cz\/atelierradostnetvorby\/wp-content\/uploads\/2023\/09\/86F2A6FF-38C5-4233-BACE-3429AD801F04-768x512.jpeg 768w, https:\/\/www.altanart.cz\/atelierradostnetvorby\/wp-content\/uploads\/2023\/09\/86F2A6FF-38C5-4233-BACE-3429AD801F04-1536x1024.jpeg 1536w, https:\/\/www.altanart.cz\/atelierradostnetvorby\/wp-content\/uploads\/2023\/09\/86F2A6FF-38C5-4233-BACE-3429AD801F04-2048x1365.jpeg 2048w, https:\/\/www.altanart.cz\/atelierradostnetvorby\/wp-content\/uploads\/2023\/09\/86F2A6FF-38C5-4233-BACE-3429AD801F04-90x60.jpeg 90w, https:\/\/www.altanart.cz\/atelierradostnetvorby\/wp-content\/uploads\/2023\/09\/86F2A6FF-38C5-4233-BACE-3429AD801F04-840x560.jpeg 840w\" sizes=\"auto, (max-width: 1024px) 100vw, 1024px\" \/><\/figure>\n\n\n\n<figure class=\"wp-block-image size-large\"><img loading=\"lazy\" decoding=\"async\" width=\"576\" height=\"1024\" src=\"https:\/\/www.altanart.cz\/atelierradostnetvorby\/wp-content\/uploads\/2023\/09\/1693911308560-576x1024.jpg\" alt=\"\" class=\"wp-image-1380\" srcset=\"https:\/\/www.altanart.cz\/atelierradostnetvorby\/wp-content\/uploads\/2023\/09\/1693911308560-576x1024.jpg 576w, https:\/\/www.altanart.cz\/atelierradostnetvorby\/wp-content\/uploads\/2023\/09\/1693911308560-169x300.jpg 169w, https:\/\/www.altanart.cz\/atelierradostnetvorby\/wp-content\/uploads\/2023\/09\/1693911308560-768x1365.jpg 768w, https:\/\/www.altanart.cz\/atelierradostnetvorby\/wp-content\/uploads\/2023\/09\/1693911308560-864x1536.jpg 864w, https:\/\/www.altanart.cz\/atelierradostnetvorby\/wp-content\/uploads\/2023\/09\/1693911308560-1153x2048.jpg 1153w, https:\/\/www.altanart.cz\/atelierradostnetvorby\/wp-content\/uploads\/2023\/09\/1693911308560-34x60.jpg 34w, https:\/\/www.altanart.cz\/atelierradostnetvorby\/wp-content\/uploads\/2023\/09\/1693911308560-scaled.jpg 1441w\" sizes=\"auto, (max-width: 576px) 100vw, 576px\" \/><\/figure>\n\n\n\n<figure class=\"wp-block-image size-large\"><img loading=\"lazy\" decoding=\"async\" width=\"1024\" height=\"576\" src=\"https:\/\/www.altanart.cz\/atelierradostnetvorby\/wp-content\/uploads\/2023\/09\/1693913002724-1-1024x576.jpg\" alt=\"\" class=\"wp-image-1381\" srcset=\"https:\/\/www.altanart.cz\/atelierradostnetvorby\/wp-content\/uploads\/2023\/09\/1693913002724-1-1024x576.jpg 1024w, https:\/\/www.altanart.cz\/atelierradostnetvorby\/wp-content\/uploads\/2023\/09\/1693913002724-1-300x169.jpg 300w, https:\/\/www.altanart.cz\/atelierradostnetvorby\/wp-content\/uploads\/2023\/09\/1693913002724-1-768x432.jpg 768w, https:\/\/www.altanart.cz\/atelierradostnetvorby\/wp-content\/uploads\/2023\/09\/1693913002724-1-1536x864.jpg 1536w, https:\/\/www.altanart.cz\/atelierradostnetvorby\/wp-content\/uploads\/2023\/09\/1693913002724-1-2048x1153.jpg 2048w, https:\/\/www.altanart.cz\/atelierradostnetvorby\/wp-content\/uploads\/2023\/09\/1693913002724-1-107x60.jpg 107w\" sizes=\"auto, (max-width: 1024px) 100vw, 1024px\" \/><\/figure>\n\n\n\n<figure class=\"wp-block-image size-large\"><img loading=\"lazy\" decoding=\"async\" width=\"1024\" height=\"576\" src=\"https:\/\/www.altanart.cz\/atelierradostnetvorby\/wp-content\/uploads\/2023\/09\/IMG_20221024_183737-1024x576.jpg\" alt=\"\" class=\"wp-image-1382\" srcset=\"https:\/\/www.altanart.cz\/atelierradostnetvorby\/wp-content\/uploads\/2023\/09\/IMG_20221024_183737-1024x576.jpg 1024w, https:\/\/www.altanart.cz\/atelierradostnetvorby\/wp-content\/uploads\/2023\/09\/IMG_20221024_183737-300x169.jpg 300w, https:\/\/www.altanart.cz\/atelierradostnetvorby\/wp-content\/uploads\/2023\/09\/IMG_20221024_183737-768x432.jpg 768w, https:\/\/www.altanart.cz\/atelierradostnetvorby\/wp-content\/uploads\/2023\/09\/IMG_20221024_183737-1536x865.jpg 1536w, https:\/\/www.altanart.cz\/atelierradostnetvorby\/wp-content\/uploads\/2023\/09\/IMG_20221024_183737-2048x1153.jpg 2048w, https:\/\/www.altanart.cz\/atelierradostnetvorby\/wp-content\/uploads\/2023\/09\/IMG_20221024_183737-107x60.jpg 107w\" sizes=\"auto, (max-width: 1024px) 100vw, 1024px\" \/><\/figure>\n\n\n<div class=\"wp-block-image\">\n<figure class=\"alignleft size-full is-resized\"><img loading=\"lazy\" decoding=\"async\" width=\"1000\" height=\"679\" src=\"https:\/\/www.altanart.cz\/atelierradostnetvorby\/wp-content\/uploads\/2024\/05\/440095562_870681914865251_1513281624186788866_n.jpg\" alt=\"\" class=\"wp-image-1593\" style=\"width:277px;height:auto\" srcset=\"https:\/\/www.altanart.cz\/atelierradostnetvorby\/wp-content\/uploads\/2024\/05\/440095562_870681914865251_1513281624186788866_n.jpg 1000w, https:\/\/www.altanart.cz\/atelierradostnetvorby\/wp-content\/uploads\/2024\/05\/440095562_870681914865251_1513281624186788866_n-300x204.jpg 300w, https:\/\/www.altanart.cz\/atelierradostnetvorby\/wp-content\/uploads\/2024\/05\/440095562_870681914865251_1513281624186788866_n-768x521.jpg 768w, https:\/\/www.altanart.cz\/atelierradostnetvorby\/wp-content\/uploads\/2024\/05\/440095562_870681914865251_1513281624186788866_n-88x60.jpg 88w\" sizes=\"auto, (max-width: 1000px) 100vw, 1000px\" \/><\/figure>\n<\/div>\n\n\n<figure class=\"wp-block-image size-full\"><img loading=\"lazy\" decoding=\"async\" width=\"1000\" height=\"665\" src=\"https:\/\/www.altanart.cz\/atelierradostnetvorby\/wp-content\/uploads\/2023\/09\/Foto_Martin_VLCEK_22.09.2022-3.jpg\" alt=\"\" class=\"wp-image-1394\" srcset=\"https:\/\/www.altanart.cz\/atelierradostnetvorby\/wp-content\/uploads\/2023\/09\/Foto_Martin_VLCEK_22.09.2022-3.jpg 1000w, https:\/\/www.altanart.cz\/atelierradostnetvorby\/wp-content\/uploads\/2023\/09\/Foto_Martin_VLCEK_22.09.2022-3-300x200.jpg 300w, https:\/\/www.altanart.cz\/atelierradostnetvorby\/wp-content\/uploads\/2023\/09\/Foto_Martin_VLCEK_22.09.2022-3-768x511.jpg 768w, https:\/\/www.altanart.cz\/atelierradostnetvorby\/wp-content\/uploads\/2023\/09\/Foto_Martin_VLCEK_22.09.2022-3-90x60.jpg 90w, https:\/\/www.altanart.cz\/atelierradostnetvorby\/wp-content\/uploads\/2023\/09\/Foto_Martin_VLCEK_22.09.2022-3-840x560.jpg 840w\" sizes=\"auto, (max-width: 1000px) 100vw, 1000px\" \/><\/figure>\n\n\n\n<figure class=\"wp-block-image size-full is-resized\"><img loading=\"lazy\" decoding=\"async\" width=\"1440\" height=\"924\" src=\"https:\/\/www.altanart.cz\/atelierradostnetvorby\/wp-content\/uploads\/2024\/05\/423514573_781679343990492_6063846487626775222_n.jpg\" alt=\"\" class=\"wp-image-1595\" style=\"width:277px;height:auto\" srcset=\"https:\/\/www.altanart.cz\/atelierradostnetvorby\/wp-content\/uploads\/2024\/05\/423514573_781679343990492_6063846487626775222_n.jpg 1440w, https:\/\/www.altanart.cz\/atelierradostnetvorby\/wp-content\/uploads\/2024\/05\/423514573_781679343990492_6063846487626775222_n-300x193.jpg 300w, https:\/\/www.altanart.cz\/atelierradostnetvorby\/wp-content\/uploads\/2024\/05\/423514573_781679343990492_6063846487626775222_n-1024x657.jpg 1024w, https:\/\/www.altanart.cz\/atelierradostnetvorby\/wp-content\/uploads\/2024\/05\/423514573_781679343990492_6063846487626775222_n-768x493.jpg 768w, https:\/\/www.altanart.cz\/atelierradostnetvorby\/wp-content\/uploads\/2024\/05\/423514573_781679343990492_6063846487626775222_n-94x60.jpg 94w\" sizes=\"auto, (max-width: 1440px) 100vw, 1440px\" \/><\/figure>\n\n\n\n<figure class=\"wp-block-image size-large\"><img loading=\"lazy\" decoding=\"async\" width=\"1024\" height=\"683\" src=\"https:\/\/www.altanart.cz\/atelierradostnetvorby\/wp-content\/uploads\/2023\/09\/350516759_1980704918941505_2959113782444595267_n-1024x683.jpg\" alt=\"\" class=\"wp-image-1383\" srcset=\"https:\/\/www.altanart.cz\/atelierradostnetvorby\/wp-content\/uploads\/2023\/09\/350516759_1980704918941505_2959113782444595267_n-1024x683.jpg 1024w, https:\/\/www.altanart.cz\/atelierradostnetvorby\/wp-content\/uploads\/2023\/09\/350516759_1980704918941505_2959113782444595267_n-300x200.jpg 300w, https:\/\/www.altanart.cz\/atelierradostnetvorby\/wp-content\/uploads\/2023\/09\/350516759_1980704918941505_2959113782444595267_n-768x512.jpg 768w, https:\/\/www.altanart.cz\/atelierradostnetvorby\/wp-content\/uploads\/2023\/09\/350516759_1980704918941505_2959113782444595267_n-1536x1024.jpg 1536w, https:\/\/www.altanart.cz\/atelierradostnetvorby\/wp-content\/uploads\/2023\/09\/350516759_1980704918941505_2959113782444595267_n-90x60.jpg 90w, https:\/\/www.altanart.cz\/atelierradostnetvorby\/wp-content\/uploads\/2023\/09\/350516759_1980704918941505_2959113782444595267_n-840x560.jpg 840w, https:\/\/www.altanart.cz\/atelierradostnetvorby\/wp-content\/uploads\/2023\/09\/350516759_1980704918941505_2959113782444595267_n.jpg 2048w\" sizes=\"auto, (max-width: 1024px) 100vw, 1024px\" \/><\/figure>\n\n\n\n<figure class=\"wp-block-image size-large\"><img loading=\"lazy\" decoding=\"async\" width=\"1024\" height=\"768\" src=\"https:\/\/www.altanart.cz\/atelierradostnetvorby\/wp-content\/uploads\/2023\/09\/P3223716-1024x768.jpg\" alt=\"\" class=\"wp-image-1384\" srcset=\"https:\/\/www.altanart.cz\/atelierradostnetvorby\/wp-content\/uploads\/2023\/09\/P3223716-1024x768.jpg 1024w, https:\/\/www.altanart.cz\/atelierradostnetvorby\/wp-content\/uploads\/2023\/09\/P3223716-300x225.jpg 300w, https:\/\/www.altanart.cz\/atelierradostnetvorby\/wp-content\/uploads\/2023\/09\/P3223716-768x576.jpg 768w, https:\/\/www.altanart.cz\/atelierradostnetvorby\/wp-content\/uploads\/2023\/09\/P3223716-1536x1152.jpg 1536w, https:\/\/www.altanart.cz\/atelierradostnetvorby\/wp-content\/uploads\/2023\/09\/P3223716-2048x1536.jpg 2048w, https:\/\/www.altanart.cz\/atelierradostnetvorby\/wp-content\/uploads\/2023\/09\/P3223716-80x60.jpg 80w\" sizes=\"auto, (max-width: 1024px) 100vw, 1024px\" \/><\/figure>\n\n\n\n<figure class=\"wp-block-image size-large\"><img loading=\"lazy\" decoding=\"async\" width=\"1024\" height=\"683\" src=\"https:\/\/www.altanart.cz\/atelierradostnetvorby\/wp-content\/uploads\/2023\/09\/337975803_742744857302574_8855731235723589402_n-1024x683.jpg\" alt=\"\" class=\"wp-image-1385\" srcset=\"https:\/\/www.altanart.cz\/atelierradostnetvorby\/wp-content\/uploads\/2023\/09\/337975803_742744857302574_8855731235723589402_n-1024x683.jpg 1024w, https:\/\/www.altanart.cz\/atelierradostnetvorby\/wp-content\/uploads\/2023\/09\/337975803_742744857302574_8855731235723589402_n-300x200.jpg 300w, https:\/\/www.altanart.cz\/atelierradostnetvorby\/wp-content\/uploads\/2023\/09\/337975803_742744857302574_8855731235723589402_n-768x512.jpg 768w, https:\/\/www.altanart.cz\/atelierradostnetvorby\/wp-content\/uploads\/2023\/09\/337975803_742744857302574_8855731235723589402_n-1536x1025.jpg 1536w, https:\/\/www.altanart.cz\/atelierradostnetvorby\/wp-content\/uploads\/2023\/09\/337975803_742744857302574_8855731235723589402_n-90x60.jpg 90w, https:\/\/www.altanart.cz\/atelierradostnetvorby\/wp-content\/uploads\/2023\/09\/337975803_742744857302574_8855731235723589402_n-840x560.jpg 840w, https:\/\/www.altanart.cz\/atelierradostnetvorby\/wp-content\/uploads\/2023\/09\/337975803_742744857302574_8855731235723589402_n.jpg 2048w\" sizes=\"auto, (max-width: 1024px) 100vw, 1024px\" \/><\/figure>\n\n\n\n<figure class=\"wp-block-image size-full\"><img loading=\"lazy\" decoding=\"async\" width=\"720\" height=\"540\" src=\"https:\/\/www.altanart.cz\/atelierradostnetvorby\/wp-content\/uploads\/2023\/09\/IMG_2558.jpg\" alt=\"\" class=\"wp-image-1391\" srcset=\"https:\/\/www.altanart.cz\/atelierradostnetvorby\/wp-content\/uploads\/2023\/09\/IMG_2558.jpg 720w, https:\/\/www.altanart.cz\/atelierradostnetvorby\/wp-content\/uploads\/2023\/09\/IMG_2558-300x225.jpg 300w, https:\/\/www.altanart.cz\/atelierradostnetvorby\/wp-content\/uploads\/2023\/09\/IMG_2558-80x60.jpg 80w\" sizes=\"auto, (max-width: 720px) 100vw, 720px\" \/><\/figure>\n\n\n\n<figure class=\"wp-block-image size-large\"><img loading=\"lazy\" decoding=\"async\" width=\"1024\" height=\"678\" src=\"https:\/\/www.altanart.cz\/atelierradostnetvorby\/wp-content\/uploads\/2023\/09\/DSC_0038-1024x678.jpg\" alt=\"\" class=\"wp-image-1393\" srcset=\"https:\/\/www.altanart.cz\/atelierradostnetvorby\/wp-content\/uploads\/2023\/09\/DSC_0038-1024x678.jpg 1024w, https:\/\/www.altanart.cz\/atelierradostnetvorby\/wp-content\/uploads\/2023\/09\/DSC_0038-300x199.jpg 300w, https:\/\/www.altanart.cz\/atelierradostnetvorby\/wp-content\/uploads\/2023\/09\/DSC_0038-768x509.jpg 768w, https:\/\/www.altanart.cz\/atelierradostnetvorby\/wp-content\/uploads\/2023\/09\/DSC_0038-1536x1017.jpg 1536w, https:\/\/www.altanart.cz\/atelierradostnetvorby\/wp-content\/uploads\/2023\/09\/DSC_0038-2048x1356.jpg 2048w, https:\/\/www.altanart.cz\/atelierradostnetvorby\/wp-content\/uploads\/2023\/09\/DSC_0038-91x60.jpg 91w\" sizes=\"auto, (max-width: 1024px) 100vw, 1024px\" \/><\/figure>\n\n\n\n<figure class=\"wp-block-image size-large is-resized\"><img loading=\"lazy\" decoding=\"async\" width=\"1024\" height=\"766\" src=\"https:\/\/www.altanart.cz\/atelierradostnetvorby\/wp-content\/uploads\/2024\/05\/Jarmila_nona-1024x766.jpg\" alt=\"\" class=\"wp-image-1585\" style=\"width:277px;height:auto\" srcset=\"https:\/\/www.altanart.cz\/atelierradostnetvorby\/wp-content\/uploads\/2024\/05\/Jarmila_nona-1024x766.jpg 1024w, https:\/\/www.altanart.cz\/atelierradostnetvorby\/wp-content\/uploads\/2024\/05\/Jarmila_nona-300x224.jpg 300w, https:\/\/www.altanart.cz\/atelierradostnetvorby\/wp-content\/uploads\/2024\/05\/Jarmila_nona-768x574.jpg 768w, https:\/\/www.altanart.cz\/atelierradostnetvorby\/wp-content\/uploads\/2024\/05\/Jarmila_nona-1536x1149.jpg 1536w, https:\/\/www.altanart.cz\/atelierradostnetvorby\/wp-content\/uploads\/2024\/05\/Jarmila_nona-2048x1532.jpg 2048w, https:\/\/www.altanart.cz\/atelierradostnetvorby\/wp-content\/uploads\/2024\/05\/Jarmila_nona-80x60.jpg 80w\" sizes=\"auto, (max-width: 1024px) 100vw, 1024px\" \/><\/figure>\n\n\n\n<figure class=\"wp-block-image size-full is-resized\"><img loading=\"lazy\" decoding=\"async\" width=\"1000\" height=\"665\" src=\"https:\/\/www.altanart.cz\/atelierradostnetvorby\/wp-content\/uploads\/2024\/05\/Foto_Martin_VLCEK_22.09.2022-8.jpg\" alt=\"\" class=\"wp-image-1586\" style=\"width:277px;height:auto\" srcset=\"https:\/\/www.altanart.cz\/atelierradostnetvorby\/wp-content\/uploads\/2024\/05\/Foto_Martin_VLCEK_22.09.2022-8.jpg 1000w, https:\/\/www.altanart.cz\/atelierradostnetvorby\/wp-content\/uploads\/2024\/05\/Foto_Martin_VLCEK_22.09.2022-8-300x200.jpg 300w, https:\/\/www.altanart.cz\/atelierradostnetvorby\/wp-content\/uploads\/2024\/05\/Foto_Martin_VLCEK_22.09.2022-8-768x511.jpg 768w, https:\/\/www.altanart.cz\/atelierradostnetvorby\/wp-content\/uploads\/2024\/05\/Foto_Martin_VLCEK_22.09.2022-8-90x60.jpg 90w, https:\/\/www.altanart.cz\/atelierradostnetvorby\/wp-content\/uploads\/2024\/05\/Foto_Martin_VLCEK_22.09.2022-8-840x560.jpg 840w\" sizes=\"auto, (max-width: 1000px) 100vw, 1000px\" \/><\/figure>\n\n\n\n<figure class=\"wp-block-image size-full is-resized\"><img loading=\"lazy\" decoding=\"async\" width=\"2016\" height=\"1400\" src=\"https:\/\/www.altanart.cz\/atelierradostnetvorby\/wp-content\/uploads\/2024\/05\/439908616_867102758556500_2650182289881244007_n.jpg\" alt=\"\" class=\"wp-image-1594\" style=\"width:277px;height:auto\" srcset=\"https:\/\/www.altanart.cz\/atelierradostnetvorby\/wp-content\/uploads\/2024\/05\/439908616_867102758556500_2650182289881244007_n.jpg 2016w, https:\/\/www.altanart.cz\/atelierradostnetvorby\/wp-content\/uploads\/2024\/05\/439908616_867102758556500_2650182289881244007_n-300x208.jpg 300w, https:\/\/www.altanart.cz\/atelierradostnetvorby\/wp-content\/uploads\/2024\/05\/439908616_867102758556500_2650182289881244007_n-1024x711.jpg 1024w, https:\/\/www.altanart.cz\/atelierradostnetvorby\/wp-content\/uploads\/2024\/05\/439908616_867102758556500_2650182289881244007_n-768x533.jpg 768w, https:\/\/www.altanart.cz\/atelierradostnetvorby\/wp-content\/uploads\/2024\/05\/439908616_867102758556500_2650182289881244007_n-1536x1067.jpg 1536w, https:\/\/www.altanart.cz\/atelierradostnetvorby\/wp-content\/uploads\/2024\/05\/439908616_867102758556500_2650182289881244007_n-86x60.jpg 86w, https:\/\/www.altanart.cz\/atelierradostnetvorby\/wp-content\/uploads\/2024\/05\/439908616_867102758556500_2650182289881244007_n-505x350.jpg 505w\" sizes=\"auto, (max-width: 2016px) 100vw, 2016px\" \/><\/figure>\n\n\n\n<figure class=\"wp-block-image size-full is-resized\"><img loading=\"lazy\" decoding=\"async\" width=\"828\" height=\"621\" src=\"https:\/\/www.altanart.cz\/atelierradostnetvorby\/wp-content\/uploads\/2024\/05\/george_umprum2.jpg\" alt=\"\" class=\"wp-image-1587\" style=\"width:277px;height:auto\" srcset=\"https:\/\/www.altanart.cz\/atelierradostnetvorby\/wp-content\/uploads\/2024\/05\/george_umprum2.jpg 828w, https:\/\/www.altanart.cz\/atelierradostnetvorby\/wp-content\/uploads\/2024\/05\/george_umprum2-300x225.jpg 300w, https:\/\/www.altanart.cz\/atelierradostnetvorby\/wp-content\/uploads\/2024\/05\/george_umprum2-768x576.jpg 768w, https:\/\/www.altanart.cz\/atelierradostnetvorby\/wp-content\/uploads\/2024\/05\/george_umprum2-80x60.jpg 80w\" sizes=\"auto, (max-width: 828px) 100vw, 828px\" \/><\/figure>\n\n\n\n<figure class=\"wp-block-image size-full is-resized\"><img loading=\"lazy\" decoding=\"async\" width=\"1080\" height=\"810\" src=\"https:\/\/www.altanart.cz\/atelierradostnetvorby\/wp-content\/uploads\/2024\/05\/423481176_781679370657156_4521403208635737201_n-edited.jpg\" alt=\"\" class=\"wp-image-1599\" style=\"width:277px;height:auto\" srcset=\"https:\/\/www.altanart.cz\/atelierradostnetvorby\/wp-content\/uploads\/2024\/05\/423481176_781679370657156_4521403208635737201_n-edited.jpg 1080w, https:\/\/www.altanart.cz\/atelierradostnetvorby\/wp-content\/uploads\/2024\/05\/423481176_781679370657156_4521403208635737201_n-edited-300x225.jpg 300w, https:\/\/www.altanart.cz\/atelierradostnetvorby\/wp-content\/uploads\/2024\/05\/423481176_781679370657156_4521403208635737201_n-edited-1024x768.jpg 1024w, https:\/\/www.altanart.cz\/atelierradostnetvorby\/wp-content\/uploads\/2024\/05\/423481176_781679370657156_4521403208635737201_n-edited-768x576.jpg 768w, https:\/\/www.altanart.cz\/atelierradostnetvorby\/wp-content\/uploads\/2024\/05\/423481176_781679370657156_4521403208635737201_n-edited-80x60.jpg 80w\" sizes=\"auto, (max-width: 1080px) 100vw, 1080px\" \/><\/figure>\n\n\n\n<figure class=\"wp-block-image size-full is-resized\"><img loading=\"lazy\" decoding=\"async\" width=\"2048\" height=\"1356\" src=\"https:\/\/www.altanart.cz\/atelierradostnetvorby\/wp-content\/uploads\/2024\/05\/Jarmila_nona2.jpg\" alt=\"\" class=\"wp-image-1589\" style=\"width:277px;height:auto\" srcset=\"https:\/\/www.altanart.cz\/atelierradostnetvorby\/wp-content\/uploads\/2024\/05\/Jarmila_nona2.jpg 2048w, https:\/\/www.altanart.cz\/atelierradostnetvorby\/wp-content\/uploads\/2024\/05\/Jarmila_nona2-300x199.jpg 300w, https:\/\/www.altanart.cz\/atelierradostnetvorby\/wp-content\/uploads\/2024\/05\/Jarmila_nona2-1024x678.jpg 1024w, https:\/\/www.altanart.cz\/atelierradostnetvorby\/wp-content\/uploads\/2024\/05\/Jarmila_nona2-768x509.jpg 768w, https:\/\/www.altanart.cz\/atelierradostnetvorby\/wp-content\/uploads\/2024\/05\/Jarmila_nona2-1536x1017.jpg 1536w, https:\/\/www.altanart.cz\/atelierradostnetvorby\/wp-content\/uploads\/2024\/05\/Jarmila_nona2-91x60.jpg 91w\" sizes=\"auto, (max-width: 2048px) 100vw, 2048px\" \/><\/figure>\n\n\n\n<figure class=\"wp-block-image size-full is-resized\"><img loading=\"lazy\" decoding=\"async\" width=\"2048\" height=\"1344\" src=\"https:\/\/www.altanart.cz\/atelierradostnetvorby\/wp-content\/uploads\/2024\/05\/floralie.jpg\" alt=\"\" class=\"wp-image-1588\" style=\"width:277px;height:auto\" srcset=\"https:\/\/www.altanart.cz\/atelierradostnetvorby\/wp-content\/uploads\/2024\/05\/floralie.jpg 2048w, https:\/\/www.altanart.cz\/atelierradostnetvorby\/wp-content\/uploads\/2024\/05\/floralie-300x197.jpg 300w, https:\/\/www.altanart.cz\/atelierradostnetvorby\/wp-content\/uploads\/2024\/05\/floralie-1024x672.jpg 1024w, https:\/\/www.altanart.cz\/atelierradostnetvorby\/wp-content\/uploads\/2024\/05\/floralie-768x504.jpg 768w, https:\/\/www.altanart.cz\/atelierradostnetvorby\/wp-content\/uploads\/2024\/05\/floralie-1536x1008.jpg 1536w, https:\/\/www.altanart.cz\/atelierradostnetvorby\/wp-content\/uploads\/2024\/05\/floralie-91x60.jpg 91w\" sizes=\"auto, (max-width: 2048px) 100vw, 2048px\" \/><\/figure>\n\n\n\n<figure class=\"wp-block-image size-full is-resized\"><img loading=\"lazy\" decoding=\"async\" width=\"1536\" height=\"864\" src=\"https:\/\/www.altanart.cz\/atelierradostnetvorby\/wp-content\/uploads\/2024\/05\/IMG-20230904-WA0024-edited.jpg\" alt=\"\" class=\"wp-image-1591\" style=\"width:277px;height:auto\" srcset=\"https:\/\/www.altanart.cz\/atelierradostnetvorby\/wp-content\/uploads\/2024\/05\/IMG-20230904-WA0024-edited.jpg 1536w, https:\/\/www.altanart.cz\/atelierradostnetvorby\/wp-content\/uploads\/2024\/05\/IMG-20230904-WA0024-edited-300x169.jpg 300w, https:\/\/www.altanart.cz\/atelierradostnetvorby\/wp-content\/uploads\/2024\/05\/IMG-20230904-WA0024-edited-1024x576.jpg 1024w, https:\/\/www.altanart.cz\/atelierradostnetvorby\/wp-content\/uploads\/2024\/05\/IMG-20230904-WA0024-edited-768x432.jpg 768w, https:\/\/www.altanart.cz\/atelierradostnetvorby\/wp-content\/uploads\/2024\/05\/IMG-20230904-WA0024-edited-107x60.jpg 107w\" sizes=\"auto, (max-width: 1536px) 100vw, 1536px\" \/><\/figure>\n\n\n\n<figure class=\"wp-block-image size-full is-resized\"><img loading=\"lazy\" decoding=\"async\" width=\"1920\" height=\"1080\" src=\"https:\/\/www.altanart.cz\/atelierradostnetvorby\/wp-content\/uploads\/2024\/05\/436311367_391677217037348_6859487643359842668_n.jpg\" alt=\"\" class=\"wp-image-1592\" style=\"width:277px;height:auto\" srcset=\"https:\/\/www.altanart.cz\/atelierradostnetvorby\/wp-content\/uploads\/2024\/05\/436311367_391677217037348_6859487643359842668_n.jpg 1920w, https:\/\/www.altanart.cz\/atelierradostnetvorby\/wp-content\/uploads\/2024\/05\/436311367_391677217037348_6859487643359842668_n-300x169.jpg 300w, https:\/\/www.altanart.cz\/atelierradostnetvorby\/wp-content\/uploads\/2024\/05\/436311367_391677217037348_6859487643359842668_n-1024x576.jpg 1024w, https:\/\/www.altanart.cz\/atelierradostnetvorby\/wp-content\/uploads\/2024\/05\/436311367_391677217037348_6859487643359842668_n-768x432.jpg 768w, https:\/\/www.altanart.cz\/atelierradostnetvorby\/wp-content\/uploads\/2024\/05\/436311367_391677217037348_6859487643359842668_n-1536x864.jpg 1536w, https:\/\/www.altanart.cz\/atelierradostnetvorby\/wp-content\/uploads\/2024\/05\/436311367_391677217037348_6859487643359842668_n-107x60.jpg 107w\" sizes=\"auto, (max-width: 1920px) 100vw, 1920px\" \/><\/figure>\n\n\n\n<figure class=\"wp-block-image size-full is-resized\"><img loading=\"lazy\" decoding=\"async\" width=\"1080\" height=\"810\" src=\"https:\/\/www.altanart.cz\/atelierradostnetvorby\/wp-content\/uploads\/2024\/05\/423315762_781679373990489_9130152556089821744_n-edited.jpg\" alt=\"\" class=\"wp-image-1597\" style=\"width:277px;height:auto\" srcset=\"https:\/\/www.altanart.cz\/atelierradostnetvorby\/wp-content\/uploads\/2024\/05\/423315762_781679373990489_9130152556089821744_n-edited.jpg 1080w, https:\/\/www.altanart.cz\/atelierradostnetvorby\/wp-content\/uploads\/2024\/05\/423315762_781679373990489_9130152556089821744_n-edited-300x225.jpg 300w, https:\/\/www.altanart.cz\/atelierradostnetvorby\/wp-content\/uploads\/2024\/05\/423315762_781679373990489_9130152556089821744_n-edited-1024x768.jpg 1024w, https:\/\/www.altanart.cz\/atelierradostnetvorby\/wp-content\/uploads\/2024\/05\/423315762_781679373990489_9130152556089821744_n-edited-768x576.jpg 768w, https:\/\/www.altanart.cz\/atelierradostnetvorby\/wp-content\/uploads\/2024\/05\/423315762_781679373990489_9130152556089821744_n-edited-80x60.jpg 80w\" sizes=\"auto, (max-width: 1080px) 100vw, 1080px\" \/><\/figure>\n<\/div>\n<\/div>\n\n\n\n<p>&nbsp;&nbsp;&nbsp;&nbsp;&nbsp;&nbsp;&nbsp;&nbsp;&nbsp;&nbsp;&nbsp;&nbsp;&nbsp;&nbsp;&nbsp;&nbsp;&nbsp;&nbsp;&nbsp;&nbsp;&nbsp;&nbsp;&nbsp;&nbsp;&nbsp;&nbsp;&nbsp;&nbsp;&nbsp;&nbsp;&nbsp;&nbsp;&nbsp;&nbsp;&nbsp;&nbsp;&nbsp;&nbsp;&nbsp;&nbsp;&nbsp;&nbsp;&nbsp;&nbsp;&nbsp;&nbsp;&nbsp;&nbsp;&nbsp;&nbsp;&nbsp;&nbsp;&nbsp;&nbsp;&nbsp;&nbsp;&nbsp;&nbsp;&nbsp;&nbsp;&nbsp;&nbsp;&nbsp;&nbsp;&nbsp;&nbsp;&nbsp;&nbsp;&nbsp;&nbsp;&nbsp;<\/p>\n\n\n\n<hr class=\"wp-block-separator has-css-opacity is-style-wide\"\/>\n\n\n\n<h2 class=\"wp-block-heading\">Individu\u00e1ln\u00ed v\u00fdstavy<\/h2>\n\n\n\n<h5 class=\"wp-block-heading\">2024<\/h5>\n\n\n\n<p><\/p>\n\n\n\n<p><strong>George Radoj\u010di\u0107 \/ Slova, slova, slova&#8230; Obrazy. L\u00e1ska<\/strong><br>Art Brut Praha, \u010derven &#8211; \u010dervenec 2024<\/p>\n\n\n\n<p><strong>Vojt\u011bch Proske \/ V\u00fdro\u010dn\u00ed v\u00fdstava<\/strong><br>Caf\u00e9 NONA, Praha, 2024<\/p>\n\n\n\n<p><strong>Dagmar Fil\u00edpkov\u00e1 \/ P\u00edsmo se vine krajinou<\/strong><br>Art Brut Praha, duben 2024<\/p>\n\n\n\n<p><strong>Iveta Horv\u00e1thov\u00e1 \/ \u017divot nen\u00ed poh\u00e1dka<\/strong><br>Ka Sha F\u00e9, Praha, duben &#8211; kv\u011bten 2024<br><br><strong>\u0160\u00e1rka Hojakov\u00e1 \/ V\u00e1rka barev<\/strong><br>kav\u00e1rna V.kolona, Praha, b\u0159ezen 2024<\/p>\n\n\n\n<p><strong>Vojt\u011bch Proske<\/strong><br>NAUTIS, Praha, 2024<\/p>\n\n\n\n<p><strong>Dagmar Fil\u00edpkov\u00e1 \/ Pou\u0165 krkono\u0161sk\u00e1 a jin\u00e9 krajiny<\/strong><br>Severo\u010desk\u00e1 galerie v\u00fdtvarn\u00e9ho um\u011bn\u00ed v Litom\u011b\u0159ic\u00edch, \u00fanor &#8211; kv\u011bten 2024<\/p>\n\n\n\n<p><strong>Lukrecie \/ Mandaly<\/strong><br>M\u011bstsk\u00e1 knihovna Poho\u0159elec, Praha, leden 2024<\/p>\n\n\n\n<h5 class=\"wp-block-heading\">2023<\/h5>\n\n\n\n<p><strong>Nad\u011b\u017eda Petrovov\u00e1 \/ Nadiny nad\u011bje<\/strong><br>restaurace Vegtral, Praha, prosinec 2023<\/p>\n\n\n\n<p><strong>Marie K\u016fsov\u00e1 \/ Kdo, kdy, kde a pro\u010d?<\/strong><br>Galerie, Art brut Praha, prosinec 2023<br><br><strong>George Radoj\u010di\u010d \/ Mocn\u00e9 \u017eeny<\/strong><br>Caf\u00e9 NONA, Praha, \u0159\u00edjen 2023<\/p>\n\n\n\n<p><strong>Lorenzo \/ Lorenzo a jeho sv\u011bt<\/strong><br>Komunitn\u00ed centrum Krista Spasitele, Praha, z\u00e1\u0159\u00ed 2023<\/p>\n\n\n\n<p><strong>Lorenzo <\/strong>\/<strong> J\u00edzda veter\u00e1n\u016f<\/strong><br>Galerie Art Brut Praha, \u010dervenec 2023<\/p>\n\n\n\n<p><strong>Lukrecie \/ Mandaly<\/strong><br>kostel sv.V\u00e1clava na Zderaze, \u010derven &#8211; srpen 2023<\/p>\n\n\n\n<p><strong>Vojt\u011bch Proske \/ Jakoby zni\u010dehonic<\/strong><br>Galerie Art Brut Praha, \u010derven 2023<\/p>\n\n\n\n<p><strong>Jarmila Jandov\u00e1 <\/strong><br>Galerie Dooka, kv\u011bten &#8211; \u010derven 2023<\/p>\n\n\n\n<p><strong>Ladislav Svoboda \/ Barevn\u00e1 d\u017eungle<\/strong><br>Galerie Art Brut Praha, duben 2023<\/p>\n\n\n\n<p><strong>Dominik Jirsa <\/strong><br>Caf\u00e9 NONA, b\u0159ezen &#8211; duben 2023<\/p>\n\n\n\n<p><strong>\u0160\u00e1rka Hojakov\u00e1<\/strong> <strong>\/ Krajina m\u011bst a kv\u011btin<\/strong><br>restaurace Vegtral, b\u0159ezen &#8211; \u010derven 2023<\/p>\n\n\n\n<p><strong>Iveta Horv\u00e1thov\u00e1<\/strong><br>Antikvati\u00e1t Bastion, T\u00e1bor, b\u0159ezen 2023<\/p>\n\n\n\n<h5 class=\"wp-block-heading\">2022<\/h5>\n\n\n\n<p><strong>George Radoj\u010di\u010d <\/strong><br>Sen\u00e1t \u010cR, Praha, Prosinec 2022<\/p>\n\n\n\n<p><strong>George Radoj\u010di\u010d \/ Bitvy o velkou l\u00e1sku<\/strong><br>Galerie Art Brut Praha, \u0159\u00edjen &#8211; listopad 2022<\/p>\n\n\n\n<p><strong>Karel Pajma \/ Moje poveden\u00e9 rysy<br><\/strong>Caf\u00e9 NONA, \u0159\u00edjen 2022 &#8211; leden 2023<strong><\/strong><\/p>\n\n\n\n<p><strong>Vojt\u011bch Proske \/ Pod vlivem mnoha faktor\u016f<br><\/strong>Galerie Velryba, Praha,&nbsp;z\u00e1\u0159\u00ed &#8211; \u0159\u00edjen, 2022<\/p>\n\n\n\n<p><strong>Lorenzo \/ Linoryty<\/strong><br>Caf\u00e9 na p\u016fl cesty, v\u00fdstava k Aukci pro Vltav\u00edn, srpen 2022<\/p>\n\n\n\n<p><strong>George Radoj\u010di\u010d \/ A hlavn\u011b obrovsk\u00e1 l\u00e1ska<\/strong><br>Galerie Do-oka, Praha, \u010derven &#8211; srpen 2022<\/p>\n\n\n\n<p><strong>Dagmar Fil\u00edpkov\u00e1 \/ Pou\u0165 krkono\u0161sk\u00e1<\/strong><br>Galerie Velryba, Praha, \u010derven &#8211; 7. z\u00e1\u0159\u00ed 2022<\/p>\n\n\n\n<p><strong>Dominik Jirsa \/ Takov\u00e1 norm\u00e1ln\u00ed \u010desk\u00e1 krajina<\/strong><br>Antikvari\u00e1t Bastion, T\u00e1bor, kv\u011bten &#8211; \u010dervenec 2022<\/p>\n\n\n\n<p><strong>Lorenzo \/ Tramvaje<\/strong><br>KC Vozovna \u017di\u017ekov, 15. 2. &#8211; 15. 5. 2022<\/p>\n\n\n\n<p><strong>Vladim\u00edra Mullerov\u00e1 \/ Princezny<\/strong><br>Caf\u00e9 na p\u016fl cesty, leden 2022<\/p>\n\n\n\n<h5 class=\"wp-block-heading\">2021<\/h5>\n\n\n\n<p><strong>Sny George Radoj\u010di\u010de<\/strong>, Kaple sv. Jana K\u0159titele v&nbsp;Holyni (srpen 2021)<\/p>\n\n\n\n<p><strong>Lorenzo<\/strong>, \u0158ada 830, Avoid Floating Galery Praha (srpen 2021)<\/p>\n\n\n\n<p>L<strong>ukr\u00e9cie<\/strong>, Nebesk\u00e9 krajiny II, Kostel sv. V\u00e1clava na Zderaze, <br>Praha (z\u00e1\u0159\u00ed &#8211; listopad 2021)<\/p>\n\n\n\n<p><strong>Lorenzo<\/strong>, Plnou parou vp\u0159ed, Kav\u00e1rna V. kolona, <br>Psychiatrick\u00e1 nemocnice Bohnice, Praha (listopad &#8211; prosinec 2021)<\/p>\n\n\n\n<div class=\"wp-block-columns is-layout-flex wp-container-core-columns-is-layout-9d6595d7 wp-block-columns-is-layout-flex\">\n<div class=\"wp-block-column is-layout-flow wp-block-column-is-layout-flow\" style=\"flex-basis:66.66%\">\n<h5 class=\"wp-block-heading\">2020<\/h5>\n\n\n\n<p><strong>Marie K\u016fsov\u00e1<\/strong>, antikvari\u00e1t Bastion, T\u00e1bor (\u010dervenec 2020).<\/p>\n\n\n\n<p><strong>George Radoj\u010di\u010d<\/strong>, M\u00edsto Art, Praha 7 (\u00fanor 2020).<\/p>\n\n\n\n<p><strong>Iveta Horv\u00e1thov\u00e1<\/strong>, Waid, Lubla\u0148sk\u00e1 57, Praha 2 (\u0159\u00edjen \u2013 prosinec 2020, v&nbsp;r\u00e1mci Khamoro Praha).<\/p>\n\n\n\n<p><strong>Dominik \u0160\u00edr<\/strong>, Nautis, Praha 7.<\/p>\n\n\n\n<h5 class=\"wp-block-heading\">2019<\/h5>\n\n\n\n<p><strong>Ladislav Svoboda<\/strong>, Nautis Praha, s\u00eddlo organizace zab\u00fdvaj\u00edc\u00ed se poruchou autistick\u00e9ho spektra (duben \u2013 prosinec 2019)<\/p>\n\n\n\n<p><strong>Luk\u00e1\u0161 Pale\u010dek, Ladislav Svoboda, Jarmila Jandov\u00e1, Vladim\u00edra M\u00fcllerov\u00e1, D\u00e1\u0161a Fil\u00edpkov\u00e1<\/strong>, Caf\u00e9 Na p\u016fl cesty, Praha 4, cyklus p\u011bti samostatn\u00fdch autorsk\u00fdch v\u00fdstav (\u00fanor \u2013 prosinec 2019)<\/p>\n\n\n\n<h5 class=\"wp-block-heading\">2018<\/h5>\n\n\n\n<p><strong>Ladislav Svoboda: Poruchy artistick\u00e9ho spektra<\/strong>, Artwall (galerie v&nbsp;plen\u00e9ru na n\u00e1b\u0159e\u017e\u00ed Edwarda Bene\u0161e) a&nbsp;Kampus Hybernsk\u00e1, Praha (duben \u2013 kv\u011bten 2018).<\/p>\n\n\n\n<p><strong>Ladislav Svoboda: Artismus<\/strong>, V\u00fdmenn\u00edk Jegorovo, Ko\u0161ice (\u0159\u00edjen \u2013 listopad 2018)<\/p>\n\n\n\n<p><strong>Iveta Horv\u00e1thov\u00e1<\/strong>,&nbsp;Galerie Del Arte, Praha 7 (\u0159\u00edjen \u2013 prosinec 2018)<\/p>\n\n\n\n<p><strong>Eva \u0160tefkov\u00e1<\/strong>, centrum N\u00e1ru\u010d Dob\u0159ichovice (\u0159\u00edjen 2018)<\/p>\n\n\n\n<p><strong>Marie K\u016fsov\u00e1, Karel Pajma, D\u00e1\u0161a Fil\u00edpkov\u00e1, \u0160\u00e1rka Hojakov\u00e1<\/strong>, Caf\u00e9 Na p\u016fl cesty, Praha 4, cyklus \u010dty\u0159 samostatn\u00fdch autorsk\u00fdch v\u00fdstav (\u00fanor \u2013 prosinec 2018)<\/p>\n\n\n\n<h5 class=\"wp-block-heading\">2017<\/h5>\n\n\n\n<p><strong>V\u00e1clav Kukl\u00edk: Faces<\/strong>, antikvari\u00e1t Bastion, T\u00e1bor (kv\u011bten 2017)<\/p>\n\n\n\n<p><strong>Dominik Jirsa, Na\u010fa Petrovov\u00e1, V\u00e1clav Kukl\u00edk, Iveta Hotv\u00e1thov\u00e1<\/strong>, Caf\u00e9 Na p\u016fl cesty, Praha 4, cyklus \u010dty\u0159 samostatn\u00fdch autorsk\u00fdch v\u00fdstav (leden 2017\u2013listopad 2017)<\/p>\n\n\n\n<h5 class=\"wp-block-heading\">2015<\/h5>\n\n\n\n<p><strong>Iveta Horv\u00e1thov\u00e1<\/strong>, prostor Domu n\u00e1rodnostn\u00edch men\u0161in, Praha (kv\u011bten 2015, v&nbsp;r\u00e1mci festivalu Khamoro) V\u00e1clav Kukl\u00edk, Spole\u010densk\u00fd d\u016fm Neratovice (\u010derven 2015)<\/p>\n<\/div>\n\n\n\n<div class=\"wp-block-column is-layout-flow wp-block-column-is-layout-flow\" style=\"flex-basis:33.33%\"><\/div>\n<\/div>\n","protected":false},"excerpt":{"rendered":"<p>SKUPINOV\u00c9 V\u00ddSTAVY \u00da\u010dast na skupinov\u00fdch v\u00fdstav\u00e1ch mimo Ateli\u00e9r 2024 Ladislav &hellip; <\/p>\n","protected":false},"author":1,"featured_media":0,"parent":0,"menu_order":0,"comment_status":"closed","ping_status":"closed","template":"","meta":{"inline_featured_image":false,"ngg_post_thumbnail":0,"footnotes":""},"class_list":["post-35","page","type-page","status-publish","hentry"],"yoast_head":"<!-- This site is optimized with the Yoast SEO plugin v22.7 - https:\/\/yoast.com\/wordpress\/plugins\/seo\/ -->\n<title>Archiv v\u00fdstav - Ateli\u00e9r radostn\u00e9 tvorby<\/title>\n<meta name=\"description\" content=\"Zaj\u00edm\u00e1te se o art brut a hled\u00e1te sou\u010dasn\u00e9 \u010desk\u00e9 autory, kte\u0159\u00ed jsou dostate\u010dn\u011b zaj\u00edmav\u00ed a autenti\u010dt\u00ed, aby mohli b\u00fdt k art brut p\u0159i\u0159azeni?\" \/>\n<meta name=\"robots\" content=\"index, follow, max-snippet:-1, max-image-preview:large, max-video-preview:-1\" \/>\n<link rel=\"canonical\" href=\"https:\/\/www.altanart.cz\/atelierradostnetvorby\/archiv-vystav2\/\" \/>\n<meta property=\"og:locale\" content=\"cs_CZ\" \/>\n<meta property=\"og:type\" content=\"article\" \/>\n<meta property=\"og:title\" content=\"Archiv v\u00fdstav - Ateli\u00e9r radostn\u00e9 tvorby\" \/>\n<meta property=\"og:description\" content=\"Zaj\u00edm\u00e1te se o art brut a hled\u00e1te sou\u010dasn\u00e9 \u010desk\u00e9 autory, kte\u0159\u00ed jsou dostate\u010dn\u011b zaj\u00edmav\u00ed a autenti\u010dt\u00ed, aby mohli b\u00fdt k art brut p\u0159i\u0159azeni?\" \/>\n<meta property=\"og:url\" content=\"https:\/\/www.altanart.cz\/atelierradostnetvorby\/archiv-vystav2\/\" \/>\n<meta property=\"og:site_name\" content=\"Ateli\u00e9r radostn\u00e9 tvorby\" \/>\n<meta property=\"article:modified_time\" content=\"2024-06-26T17:07:03+00:00\" \/>\n<meta property=\"og:image\" content=\"https:\/\/www.altanart.cz\/atelierradostnetvorby\/wp-content\/uploads\/2021\/08\/o-nas_9-1024x683.jpg\" \/>\n<meta name=\"twitter:card\" content=\"summary_large_image\" \/>\n<meta name=\"twitter:label1\" content=\"Odhadovan\u00e1 doba \u010dten\u00ed\" \/>\n\t<meta name=\"twitter:data1\" content=\"13 minut\" \/>\n<script type=\"application\/ld+json\" class=\"yoast-schema-graph\">{\"@context\":\"https:\/\/schema.org\",\"@graph\":[{\"@type\":\"WebPage\",\"@id\":\"https:\/\/www.altanart.cz\/atelierradostnetvorby\/archiv-vystav2\/\",\"url\":\"https:\/\/www.altanart.cz\/atelierradostnetvorby\/archiv-vystav2\/\",\"name\":\"Archiv v\u00fdstav - Ateli\u00e9r radostn\u00e9 tvorby\",\"isPartOf\":{\"@id\":\"https:\/\/www.altanart.cz\/atelierradostnetvorby\/#website\"},\"primaryImageOfPage\":{\"@id\":\"https:\/\/www.altanart.cz\/atelierradostnetvorby\/archiv-vystav2\/#primaryimage\"},\"image\":{\"@id\":\"https:\/\/www.altanart.cz\/atelierradostnetvorby\/archiv-vystav2\/#primaryimage\"},\"thumbnailUrl\":\"https:\/\/www.altanart.cz\/atelierradostnetvorby\/wp-content\/uploads\/2021\/08\/o-nas_9-1024x683.jpg\",\"datePublished\":\"2021-07-24T11:34:47+00:00\",\"dateModified\":\"2024-06-26T17:07:03+00:00\",\"description\":\"Zaj\u00edm\u00e1te se o art brut a hled\u00e1te sou\u010dasn\u00e9 \u010desk\u00e9 autory, kte\u0159\u00ed jsou dostate\u010dn\u011b zaj\u00edmav\u00ed a autenti\u010dt\u00ed, aby mohli b\u00fdt k art brut p\u0159i\u0159azeni?\",\"breadcrumb\":{\"@id\":\"https:\/\/www.altanart.cz\/atelierradostnetvorby\/archiv-vystav2\/#breadcrumb\"},\"inLanguage\":\"cs\",\"potentialAction\":[{\"@type\":\"ReadAction\",\"target\":[\"https:\/\/www.altanart.cz\/atelierradostnetvorby\/archiv-vystav2\/\"]}]},{\"@type\":\"ImageObject\",\"inLanguage\":\"cs\",\"@id\":\"https:\/\/www.altanart.cz\/atelierradostnetvorby\/archiv-vystav2\/#primaryimage\",\"url\":\"https:\/\/www.altanart.cz\/atelierradostnetvorby\/wp-content\/uploads\/2021\/08\/o-nas_9.jpg\",\"contentUrl\":\"https:\/\/www.altanart.cz\/atelierradostnetvorby\/wp-content\/uploads\/2021\/08\/o-nas_9.jpg\",\"width\":1200,\"height\":800},{\"@type\":\"BreadcrumbList\",\"@id\":\"https:\/\/www.altanart.cz\/atelierradostnetvorby\/archiv-vystav2\/#breadcrumb\",\"itemListElement\":[{\"@type\":\"ListItem\",\"position\":1,\"name\":\"Dom\u016f\",\"item\":\"https:\/\/www.altanart.cz\/atelierradostnetvorby\/\"},{\"@type\":\"ListItem\",\"position\":2,\"name\":\"Archiv v\u00fdstav\"}]},{\"@type\":\"WebSite\",\"@id\":\"https:\/\/www.altanart.cz\/atelierradostnetvorby\/#website\",\"url\":\"https:\/\/www.altanart.cz\/atelierradostnetvorby\/\",\"name\":\"Ateli\u00e9r radostn\u00e9 tvorby\",\"description\":\"\",\"publisher\":{\"@id\":\"https:\/\/www.altanart.cz\/atelierradostnetvorby\/#organization\"},\"potentialAction\":[{\"@type\":\"SearchAction\",\"target\":{\"@type\":\"EntryPoint\",\"urlTemplate\":\"https:\/\/www.altanart.cz\/atelierradostnetvorby\/?s={search_term_string}\"},\"query-input\":\"required name=search_term_string\"}],\"inLanguage\":\"cs\"},{\"@type\":\"Organization\",\"@id\":\"https:\/\/www.altanart.cz\/atelierradostnetvorby\/#organization\",\"name\":\"Ateli\u00e9r radostn\u00e9 tvorby\",\"url\":\"https:\/\/www.altanart.cz\/atelierradostnetvorby\/\",\"logo\":{\"@type\":\"ImageObject\",\"inLanguage\":\"cs\",\"@id\":\"https:\/\/www.altanart.cz\/atelierradostnetvorby\/#\/schema\/logo\/image\/\",\"url\":\"https:\/\/www.altanart.cz\/atelierradostnetvorby\/wp-content\/uploads\/2021\/07\/atelier-radostne-tvorby-logo.jpg\",\"contentUrl\":\"https:\/\/www.altanart.cz\/atelierradostnetvorby\/wp-content\/uploads\/2021\/07\/atelier-radostne-tvorby-logo.jpg\",\"width\":1121,\"height\":485,\"caption\":\"Ateli\u00e9r radostn\u00e9 tvorby\"},\"image\":{\"@id\":\"https:\/\/www.altanart.cz\/atelierradostnetvorby\/#\/schema\/logo\/image\/\"}}]}<\/script>\n<!-- \/ Yoast SEO plugin. -->","yoast_head_json":{"title":"Archiv v\u00fdstav - Ateli\u00e9r radostn\u00e9 tvorby","description":"Zaj\u00edm\u00e1te se o art brut a hled\u00e1te sou\u010dasn\u00e9 \u010desk\u00e9 autory, kte\u0159\u00ed jsou dostate\u010dn\u011b zaj\u00edmav\u00ed a autenti\u010dt\u00ed, aby mohli b\u00fdt k art brut p\u0159i\u0159azeni?","robots":{"index":"index","follow":"follow","max-snippet":"max-snippet:-1","max-image-preview":"max-image-preview:large","max-video-preview":"max-video-preview:-1"},"canonical":"https:\/\/www.altanart.cz\/atelierradostnetvorby\/archiv-vystav2\/","og_locale":"cs_CZ","og_type":"article","og_title":"Archiv v\u00fdstav - Ateli\u00e9r radostn\u00e9 tvorby","og_description":"Zaj\u00edm\u00e1te se o art brut a hled\u00e1te sou\u010dasn\u00e9 \u010desk\u00e9 autory, kte\u0159\u00ed jsou dostate\u010dn\u011b zaj\u00edmav\u00ed a autenti\u010dt\u00ed, aby mohli b\u00fdt k art brut p\u0159i\u0159azeni?","og_url":"https:\/\/www.altanart.cz\/atelierradostnetvorby\/archiv-vystav2\/","og_site_name":"Ateli\u00e9r radostn\u00e9 tvorby","article_modified_time":"2024-06-26T17:07:03+00:00","og_image":[{"url":"https:\/\/www.altanart.cz\/atelierradostnetvorby\/wp-content\/uploads\/2021\/08\/o-nas_9-1024x683.jpg"}],"twitter_card":"summary_large_image","twitter_misc":{"Odhadovan\u00e1 doba \u010dten\u00ed":"13 minut"},"schema":{"@context":"https:\/\/schema.org","@graph":[{"@type":"WebPage","@id":"https:\/\/www.altanart.cz\/atelierradostnetvorby\/archiv-vystav2\/","url":"https:\/\/www.altanart.cz\/atelierradostnetvorby\/archiv-vystav2\/","name":"Archiv v\u00fdstav - Ateli\u00e9r radostn\u00e9 tvorby","isPartOf":{"@id":"https:\/\/www.altanart.cz\/atelierradostnetvorby\/#website"},"primaryImageOfPage":{"@id":"https:\/\/www.altanart.cz\/atelierradostnetvorby\/archiv-vystav2\/#primaryimage"},"image":{"@id":"https:\/\/www.altanart.cz\/atelierradostnetvorby\/archiv-vystav2\/#primaryimage"},"thumbnailUrl":"https:\/\/www.altanart.cz\/atelierradostnetvorby\/wp-content\/uploads\/2021\/08\/o-nas_9-1024x683.jpg","datePublished":"2021-07-24T11:34:47+00:00","dateModified":"2024-06-26T17:07:03+00:00","description":"Zaj\u00edm\u00e1te se o art brut a hled\u00e1te sou\u010dasn\u00e9 \u010desk\u00e9 autory, kte\u0159\u00ed jsou dostate\u010dn\u011b zaj\u00edmav\u00ed a autenti\u010dt\u00ed, aby mohli b\u00fdt k art brut p\u0159i\u0159azeni?","breadcrumb":{"@id":"https:\/\/www.altanart.cz\/atelierradostnetvorby\/archiv-vystav2\/#breadcrumb"},"inLanguage":"cs","potentialAction":[{"@type":"ReadAction","target":["https:\/\/www.altanart.cz\/atelierradostnetvorby\/archiv-vystav2\/"]}]},{"@type":"ImageObject","inLanguage":"cs","@id":"https:\/\/www.altanart.cz\/atelierradostnetvorby\/archiv-vystav2\/#primaryimage","url":"https:\/\/www.altanart.cz\/atelierradostnetvorby\/wp-content\/uploads\/2021\/08\/o-nas_9.jpg","contentUrl":"https:\/\/www.altanart.cz\/atelierradostnetvorby\/wp-content\/uploads\/2021\/08\/o-nas_9.jpg","width":1200,"height":800},{"@type":"BreadcrumbList","@id":"https:\/\/www.altanart.cz\/atelierradostnetvorby\/archiv-vystav2\/#breadcrumb","itemListElement":[{"@type":"ListItem","position":1,"name":"Dom\u016f","item":"https:\/\/www.altanart.cz\/atelierradostnetvorby\/"},{"@type":"ListItem","position":2,"name":"Archiv v\u00fdstav"}]},{"@type":"WebSite","@id":"https:\/\/www.altanart.cz\/atelierradostnetvorby\/#website","url":"https:\/\/www.altanart.cz\/atelierradostnetvorby\/","name":"Ateli\u00e9r radostn\u00e9 tvorby","description":"","publisher":{"@id":"https:\/\/www.altanart.cz\/atelierradostnetvorby\/#organization"},"potentialAction":[{"@type":"SearchAction","target":{"@type":"EntryPoint","urlTemplate":"https:\/\/www.altanart.cz\/atelierradostnetvorby\/?s={search_term_string}"},"query-input":"required name=search_term_string"}],"inLanguage":"cs"},{"@type":"Organization","@id":"https:\/\/www.altanart.cz\/atelierradostnetvorby\/#organization","name":"Ateli\u00e9r radostn\u00e9 tvorby","url":"https:\/\/www.altanart.cz\/atelierradostnetvorby\/","logo":{"@type":"ImageObject","inLanguage":"cs","@id":"https:\/\/www.altanart.cz\/atelierradostnetvorby\/#\/schema\/logo\/image\/","url":"https:\/\/www.altanart.cz\/atelierradostnetvorby\/wp-content\/uploads\/2021\/07\/atelier-radostne-tvorby-logo.jpg","contentUrl":"https:\/\/www.altanart.cz\/atelierradostnetvorby\/wp-content\/uploads\/2021\/07\/atelier-radostne-tvorby-logo.jpg","width":1121,"height":485,"caption":"Ateli\u00e9r radostn\u00e9 tvorby"},"image":{"@id":"https:\/\/www.altanart.cz\/atelierradostnetvorby\/#\/schema\/logo\/image\/"}}]}},"_links":{"self":[{"href":"https:\/\/www.altanart.cz\/atelierradostnetvorby\/wp-json\/wp\/v2\/pages\/35","targetHints":{"allow":["GET"]}}],"collection":[{"href":"https:\/\/www.altanart.cz\/atelierradostnetvorby\/wp-json\/wp\/v2\/pages"}],"about":[{"href":"https:\/\/www.altanart.cz\/atelierradostnetvorby\/wp-json\/wp\/v2\/types\/page"}],"author":[{"embeddable":true,"href":"https:\/\/www.altanart.cz\/atelierradostnetvorby\/wp-json\/wp\/v2\/users\/1"}],"replies":[{"embeddable":true,"href":"https:\/\/www.altanart.cz\/atelierradostnetvorby\/wp-json\/wp\/v2\/comments?post=35"}],"version-history":[{"count":37,"href":"https:\/\/www.altanart.cz\/atelierradostnetvorby\/wp-json\/wp\/v2\/pages\/35\/revisions"}],"predecessor-version":[{"id":1716,"href":"https:\/\/www.altanart.cz\/atelierradostnetvorby\/wp-json\/wp\/v2\/pages\/35\/revisions\/1716"}],"wp:attachment":[{"href":"https:\/\/www.altanart.cz\/atelierradostnetvorby\/wp-json\/wp\/v2\/media?parent=35"}],"curies":[{"name":"wp","href":"https:\/\/api.w.org\/{rel}","templated":true}]}}